{"id":5130,"date":"2023-06-13T11:13:43","date_gmt":"2023-06-13T09:13:43","guid":{"rendered":"https:\/\/www.camping-la-garangeoire.com\/standorte\/"},"modified":"2025-09-19T14:01:58","modified_gmt":"2025-09-19T12:01:58","slug":"stellplatze","status":"publish","type":"page","link":"https:\/\/www.camping-la-garangeoire.com\/de\/stellplatze\/","title":{"rendered":"Stellpl\u00e4tze"},"content":{"rendered":"\n<div class=\"wp-block-cover\"><span aria-hidden=\"true\" class=\"wp-block-cover__gradient-background has-background-dim\"><\/span><img loading=\"lazy\" width=\"2560\" height=\"1567\" class=\"wp-block-cover__image-background wp-image-6971\" alt=\"\" src=\"https:\/\/www.camping-la-garangeoire.com\/wp-content\/uploads\/2023\/09\/garangeoire-2017-00901-scaled.jpg\" style=\"object-position:53% 68%\" data-object-fit=\"cover\" data-object-position=\"53% 68%\" srcset=\"https:\/\/www.camping-la-garangeoire.com\/wp-content\/uploads\/2023\/09\/garangeoire-2017-00901-scaled.jpg 2560w, https:\/\/www.camping-la-garangeoire.com\/wp-content\/uploads\/2023\/09\/garangeoire-2017-00901-300x184.jpg 300w, https:\/\/www.camping-la-garangeoire.com\/wp-content\/uploads\/2023\/09\/garangeoire-2017-00901-1024x627.jpg 1024w, https:\/\/www.camping-la-garangeoire.com\/wp-content\/uploads\/2023\/09\/garangeoire-2017-00901-768x470.jpg 768w, https:\/\/www.camping-la-garangeoire.com\/wp-content\/uploads\/2023\/09\/garangeoire-2017-00901-1536x940.jpg 1536w, https:\/\/www.camping-la-garangeoire.com\/wp-content\/uploads\/2023\/09\/garangeoire-2017-00901-2048x1254.jpg 2048w\" sizes=\"(max-width: 2560px) 100vw, 2560px\" \/><div class=\"wp-block-cover__inner-container\">\n<h1 id=\"stellplatze\">Stellpl\u00e4tze<\/h1>\n<\/div><\/div>\n\n\n\n<div class=\"wp-container-69f25ec81ba46 wp-block-group G-05\"><div class=\"wp-block-group__inner-container\">\n<div class=\"wp-block-columns\">\n<div class=\"wp-block-column\">\n<h2 class=\"h5 has-vert-color has-text-color\" id=\"nature\">Natur<\/h2>\n\n\n\n<p class=\"h3 has-vert-color has-text-color\">168 Stellpl\u00e4tze <mark style=\"background-color:rgba(0, 0, 0, 0)\" class=\"has-inline-color has-vert-clair-color\"><strong>erwarten unsere Campingg\u00e4ste.<\/strong><\/mark><\/p>\n\n\n\n<div class=\"wp-block-columns\">\n<div class=\"wp-block-column\">\n<figure class=\"wp-block-image size-full\"><img loading=\"lazy\" width=\"1024\" height=\"819\" src=\"https:\/\/www.camping-la-garangeoire.com\/wp-content\/uploads\/2023\/03\/garangeoire-11.webp\" alt=\"\" class=\"wp-image-1771\" srcset=\"https:\/\/www.camping-la-garangeoire.com\/wp-content\/uploads\/2023\/03\/garangeoire-11.webp 1024w, https:\/\/www.camping-la-garangeoire.com\/wp-content\/uploads\/2023\/03\/garangeoire-11-300x240.webp 300w, https:\/\/www.camping-la-garangeoire.com\/wp-content\/uploads\/2023\/03\/garangeoire-11-768x614.webp 768w\" sizes=\"(max-width: 1024px) 100vw, 1024px\" \/><\/figure>\n<\/div>\n\n\n\n<div class=\"wp-block-column\">\n<p>Alle Stellpl\u00e4tze liegen in einzigartig sch\u00f6ner Natur und sind durch Hecken und Str\u00e4ucher voneinander abgegrenzt. Ihre Gr\u00f6\u00dfen betragen zwischen 120 und 260 m\u00b2.&nbsp;<\/p>\n\n\n\n<p>Je nach Verf\u00fcgbarkeit k\u00f6nnen Sie zwischen einem schattigen Platz im Eichenhochwald, einem Sonnenplatz auf der Wiese oder einer windgesch\u00fctzten Parzelle an einer Hecke w\u00e4hlen.<\/p>\n\n\n\n<p>Die Zeltwiese und die meisten Stellpl\u00e4tze befinden abseits der Vermietungen.<\/p>\n\n\n\n<div class=\"wp-container-69f25ec81b777 wp-block-buttons\">\n<div class=\"wp-block-button is-style-outline\"><a class=\"wp-block-button__link\" href=\"https:\/\/www.camping-la-garangeoire.com\/de\/vermietungen\/\">Siehe Vermietungen<\/a><\/div>\n\n\n\n<div class=\"wp-block-button btn_resa_empl\"><a class=\"wp-block-button__link\">Einen Platz buchen<\/a><\/div>\n<\/div>\n<\/div>\n<\/div>\n<\/div>\n\n\n\n<div class=\"wp-block-column\">\n<figure class=\"wp-block-image size-large\"><img loading=\"lazy\" width=\"768\" height=\"1024\" src=\"https:\/\/www.camping-la-garangeoire.com\/wp-content\/uploads\/2023\/03\/garangeoire-16-768x1024.webp\" alt=\"\" class=\"wp-image-1768\" srcset=\"https:\/\/www.camping-la-garangeoire.com\/wp-content\/uploads\/2023\/03\/garangeoire-16-768x1024.webp 768w, https:\/\/www.camping-la-garangeoire.com\/wp-content\/uploads\/2023\/03\/garangeoire-16-225x300.webp 225w, https:\/\/www.camping-la-garangeoire.com\/wp-content\/uploads\/2023\/03\/garangeoire-16-1152x1536.webp 1152w, https:\/\/www.camping-la-garangeoire.com\/wp-content\/uploads\/2023\/03\/garangeoire-16.webp 1200w\" sizes=\"(max-width: 768px) 100vw, 768px\" \/><\/figure>\n<\/div>\n<\/div>\n<\/div><\/div>\n\n\n\n<div class=\"wp-container-69f25ec81c0b2 wp-block-group alignfull G-20\"><div class=\"wp-block-group__inner-container\">\n<div class=\"wp-block-image\"><figure class=\"aligncenter size-full\"><img loading=\"lazy\" width=\"2048\" height=\"828\" src=\"https:\/\/www.camping-la-garangeoire.com\/wp-content\/uploads\/2023\/10\/camping-garangeoire-emplacements-entree.webp\" alt=\"\" class=\"wp-image-7234\" srcset=\"https:\/\/www.camping-la-garangeoire.com\/wp-content\/uploads\/2023\/10\/camping-garangeoire-emplacements-entree.webp 2048w, https:\/\/www.camping-la-garangeoire.com\/wp-content\/uploads\/2023\/10\/camping-garangeoire-emplacements-entree-300x121.webp 300w, https:\/\/www.camping-la-garangeoire.com\/wp-content\/uploads\/2023\/10\/camping-garangeoire-emplacements-entree-1024x414.webp 1024w, https:\/\/www.camping-la-garangeoire.com\/wp-content\/uploads\/2023\/10\/camping-garangeoire-emplacements-entree-768x311.webp 768w, https:\/\/www.camping-la-garangeoire.com\/wp-content\/uploads\/2023\/10\/camping-garangeoire-emplacements-entree-1536x621.webp 1536w\" sizes=\"(max-width: 2048px) 100vw, 2048px\" \/><\/figure><\/div>\n\n\n\n<div class=\"wp-block-columns\">\n<div class=\"wp-block-column\" style=\"flex-basis:72%\">\n<div class=\"wp-block-columns\">\n<div class=\"wp-block-column\">\n<figure class=\"wp-block-image size-full\"><img loading=\"lazy\" width=\"1024\" height=\"683\" src=\"https:\/\/www.camping-la-garangeoire.com\/wp-content\/uploads\/2023\/03\/gar_castel_la_garangeoire_231039_065.webp\" alt=\"\" class=\"wp-image-1774\" srcset=\"https:\/\/www.camping-la-garangeoire.com\/wp-content\/uploads\/2023\/03\/gar_castel_la_garangeoire_231039_065.webp 1024w, https:\/\/www.camping-la-garangeoire.com\/wp-content\/uploads\/2023\/03\/gar_castel_la_garangeoire_231039_065-300x200.webp 300w, https:\/\/www.camping-la-garangeoire.com\/wp-content\/uploads\/2023\/03\/gar_castel_la_garangeoire_231039_065-768x512.webp 768w\" sizes=\"(max-width: 1024px) 100vw, 1024px\" \/><\/figure>\n<\/div>\n\n\n\n<div class=\"wp-block-column\">\n<h2 class=\"h5 has-vert-color has-text-color\" id=\"confort\">Komfort<\/h2>\n\n\n\n<p class=\"h3 has-vert-color has-text-color\">Ein Urlaub in der freien Natur!<\/p>\n\n\n\n<p>Die Campingpl\u00e4tze und Unterk\u00fcnfte sind von den Veranstaltungsorten isoliert, um eine echte (Wieder-)Verbindung mit der Natur zu erm\u00f6glichen. Unsere Sanit\u00e4ranlagen verteilen sich \u00fcber den gesamten Campingplatz und sind bequem von allen Platzen aus zu erreichen. Sie sind jeweils mit einem W\u00e4scheraum, einer Entsorgungsgrube f\u00fcr chemische WCs, Haartrockner, Toilettenpapier, Seife und Papierhandt\u00fccher ausgestattet.<br>Sie finden sowohl individuelle als auch Gemeinschaftskabinen, Babybadewannen und Kabinen f\u00fcr Personen mit eingeschr\u00e4nkter Mobilit\u00e4t vor. F\u00fcr Ihren Komfort beheizen wir zwei Sanit\u00e4rblocks in der Vorsaison.<\/p>\n\n\n\n<div class=\"wp-block-group lire-plus-mobile\"><div class=\"wp-block-group__inner-container\">\n<p>Lesen Sie mehr<\/p>\n\n\n\n<div class=\"wp-container-69f25ec81bdda wp-block-group\"><div class=\"wp-block-group__inner-container\">\n<p>In der Hochsaison f\u00fchrt das Reinigungsteam t\u00e4glich 2 komplette Reinigungen und 2 Kontrollen in den Sanit\u00e4ranlagen durch.<\/p>\n\n\n\n<p>Weitere Wasserh\u00e4hne mit Trinkwasser sind in regelm\u00e4\u00dfigen Abst\u00e4nden auf dem Campingplatz verteilt. Camper mit Wohnmobilen verf\u00fcgen ebenfalls \u00fcber eine Servicestation f\u00fcr die Abwasserentsorgung und Neuversorgung mit Trinkwasser.<\/p>\n<\/div><\/div>\n<\/div><\/div>\n<\/div>\n<\/div>\n<\/div>\n\n\n\n<div class=\"wp-block-column\">\n<figure class=\"wp-block-image size-large\"><img loading=\"lazy\" width=\"683\" height=\"1024\" src=\"https:\/\/www.camping-la-garangeoire.com\/wp-content\/uploads\/2023\/09\/LaGarangeoire\u00a9ClemoCreative_120-683x1024.jpg\" alt=\"\" class=\"wp-image-6912\" srcset=\"https:\/\/www.camping-la-garangeoire.com\/wp-content\/uploads\/2023\/09\/LaGarangeoire\u00a9ClemoCreative_120-683x1024.jpg 683w, https:\/\/www.camping-la-garangeoire.com\/wp-content\/uploads\/2023\/09\/LaGarangeoire\u00a9ClemoCreative_120-200x300.jpg 200w, https:\/\/www.camping-la-garangeoire.com\/wp-content\/uploads\/2023\/09\/LaGarangeoire\u00a9ClemoCreative_120-768x1151.jpg 768w, https:\/\/www.camping-la-garangeoire.com\/wp-content\/uploads\/2023\/09\/LaGarangeoire\u00a9ClemoCreative_120-1025x1536.jpg 1025w, https:\/\/www.camping-la-garangeoire.com\/wp-content\/uploads\/2023\/09\/LaGarangeoire\u00a9ClemoCreative_120-1366x2048.jpg 1366w, https:\/\/www.camping-la-garangeoire.com\/wp-content\/uploads\/2023\/09\/LaGarangeoire\u00a9ClemoCreative_120-scaled.jpg 1708w\" sizes=\"(max-width: 683px) 100vw, 683px\" \/><\/figure>\n<\/div>\n<\/div>\n<\/div><\/div>\n\n\n\n<div class=\"wp-container-69f25ec81c9bd wp-block-group G-10 has-fond-background-color has-background\"><div class=\"wp-block-group__inner-container\">\n<div class=\"wp-block-columns\">\n<div class=\"wp-block-column\"><\/div>\n\n\n\n<div class=\"wp-block-column\">\n<h2 class=\"h3 has-vert-color has-text-color\" id=\"un-sanitaire-prive-sur-votre-emplacement-un-vrai-confort\">Private Sanit\u00e4ranlagen, ein echter Komfort!<\/h2>\n<\/div>\n<\/div>\n\n\n\n<div class=\"wp-block-columns\">\n<div class=\"wp-block-column\">\n<figure class=\"wp-block-gallery has-nested-images columns-4 is-cropped\">\n<figure class=\"wp-block-image size-large\"><img loading=\"lazy\" width=\"743\" height=\"1024\" src=\"https:\/\/www.camping-la-garangeoire.com\/wp-content\/uploads\/2023\/03\/gar_castel_la_garangeoire_231039_078-743x1024.webp\" alt=\"\" class=\"wp-image-1783\" srcset=\"https:\/\/www.camping-la-garangeoire.com\/wp-content\/uploads\/2023\/03\/gar_castel_la_garangeoire_231039_078-743x1024.webp 743w, https:\/\/www.camping-la-garangeoire.com\/wp-content\/uploads\/2023\/03\/gar_castel_la_garangeoire_231039_078-218x300.webp 218w, https:\/\/www.camping-la-garangeoire.com\/wp-content\/uploads\/2023\/03\/gar_castel_la_garangeoire_231039_078-768x1059.webp 768w, https:\/\/www.camping-la-garangeoire.com\/wp-content\/uploads\/2023\/03\/gar_castel_la_garangeoire_231039_078.webp 1024w\" sizes=\"(max-width: 743px) 100vw, 743px\" \/><\/figure>\n\n\n\n<figure class=\"wp-block-image size-large\"><img loading=\"lazy\" width=\"733\" height=\"1024\" src=\"https:\/\/www.camping-la-garangeoire.com\/wp-content\/uploads\/2023\/03\/gar_castel_la_garangeoire_231039_062-733x1024.webp\" alt=\"\" class=\"wp-image-1786\" srcset=\"https:\/\/www.camping-la-garangeoire.com\/wp-content\/uploads\/2023\/03\/gar_castel_la_garangeoire_231039_062-733x1024.webp 733w, https:\/\/www.camping-la-garangeoire.com\/wp-content\/uploads\/2023\/03\/gar_castel_la_garangeoire_231039_062-215x300.webp 215w, https:\/\/www.camping-la-garangeoire.com\/wp-content\/uploads\/2023\/03\/gar_castel_la_garangeoire_231039_062-768x1073.webp 768w, https:\/\/www.camping-la-garangeoire.com\/wp-content\/uploads\/2023\/03\/gar_castel_la_garangeoire_231039_062.webp 1024w\" sizes=\"(max-width: 733px) 100vw, 733px\" \/><\/figure>\n\n\n\n<figure class=\"wp-block-image size-large\"><img loading=\"lazy\" width=\"734\" height=\"1024\" src=\"https:\/\/www.camping-la-garangeoire.com\/wp-content\/uploads\/2023\/03\/gar_castel_la_garangeoire_231039_085-734x1024.webp\" alt=\"\" class=\"wp-image-1789\" srcset=\"https:\/\/www.camping-la-garangeoire.com\/wp-content\/uploads\/2023\/03\/gar_castel_la_garangeoire_231039_085-734x1024.webp 734w, https:\/\/www.camping-la-garangeoire.com\/wp-content\/uploads\/2023\/03\/gar_castel_la_garangeoire_231039_085-215x300.webp 215w, https:\/\/www.camping-la-garangeoire.com\/wp-content\/uploads\/2023\/03\/gar_castel_la_garangeoire_231039_085-768x1072.webp 768w, https:\/\/www.camping-la-garangeoire.com\/wp-content\/uploads\/2023\/03\/gar_castel_la_garangeoire_231039_085.webp 1024w\" sizes=\"(max-width: 734px) 100vw, 734px\" \/><\/figure>\n\n\n\n<figure class=\"wp-block-image size-large\"><img loading=\"lazy\" width=\"744\" height=\"1024\" src=\"https:\/\/www.camping-la-garangeoire.com\/wp-content\/uploads\/2023\/03\/garangeoire-13-744x1024.webp\" alt=\"\" class=\"wp-image-1792\" srcset=\"https:\/\/www.camping-la-garangeoire.com\/wp-content\/uploads\/2023\/03\/garangeoire-13-744x1024.webp 744w, https:\/\/www.camping-la-garangeoire.com\/wp-content\/uploads\/2023\/03\/garangeoire-13-218x300.webp 218w, https:\/\/www.camping-la-garangeoire.com\/wp-content\/uploads\/2023\/03\/garangeoire-13-768x1057.webp 768w, https:\/\/www.camping-la-garangeoire.com\/wp-content\/uploads\/2023\/03\/garangeoire-13.webp 1024w\" sizes=\"(max-width: 744px) 100vw, 744px\" \/><\/figure>\n<\/figure>\n\n\n\n<div class=\"wp-container-69f25ec81c44f wp-block-group encart\"><div class=\"wp-block-group__inner-container\">\n<p class=\"h5 has-ocre-color has-text-color\">Komfort-Campingplatz<\/p>\n\n\n\n<p class=\"h4 has-ocre-color has-text-color\">H\u00f6chster Komfort und Privatsph\u00e4re!<\/p>\n<\/div><\/div>\n\n\n\n<p>F\u00fcr ein Maximum an Komfort und Privatsph\u00e4re bieten wir Ihnen unsere Stellpl\u00e4tzen mit einer privaten Sanit\u00e4ranlage ausgestattet sind: den <a href=\"https:\/\/www.camping-la-garangeoire.com\/de\/emplacements\/castels-premium-suite-avec-sanitaire-individuel-et-cuisine\/\">Castels Premium Suite<\/a> Stellplatz, den&nbsp;Stellplatz mit <a href=\"https:\/\/www.camping-la-garangeoire.com\/de\/emplacements\/private-sanitaere-stelle\/\">privatem Sanit\u00e4r<\/a>&nbsp;und&nbsp;den Stellplatz mit <a href=\"https:\/\/www.camping-la-garangeoire.com\/de\/emplacements\/standort-mit-sanitaer-individuell\/\">eigenem Sanit\u00e4r<\/a>.<\/p>\n\n\n\n<p>Sie sind alle mit einer Kabine mit eigenem Bad ausgestattet und bieten Platz f\u00fcr Zelte, Wohnmobile oder Wohnwagen auf gro\u00dfen Parzellen. Probieren Sie es aus \u2013 f\u00fcr einen Urlaub in Sicherheit und Freiheit!<\/p>\n<\/div>\n\n\n\n<div class=\"wp-block-column\">\n<ul class=\"pictos col-1 has-vert-color has-text-color\"><li><i class=\"fal fa-toilet\"><\/i>  Stellpl\u00e4tze mit privaten Sanit\u00e4ranlagen<\/li><li><i class=\"fal fa-star\"><\/i>  Premium-Stellpl\u00e4tze<\/li><li><i class=\"fal fa-leaf-heart\"><\/i>  Unbeschwertes Campen<\/li><\/ul>\n\n\n\n<div class=\"wp-container-69f25ec81c72f wp-block-buttons\">\n<div class=\"wp-block-button btn_resa_empl\"><a class=\"wp-block-button__link\">Buchen Sie schnell!<\/a><\/div>\n<\/div>\n<\/div>\n<\/div>\n<\/div><\/div>\n\n\n\n<div class=\"wp-block-columns are-vertically-aligned-center G-15\">\n<div class=\"wp-block-column is-vertically-aligned-center\">\n<h2 class=\"h3 has-rouge-color has-text-color\" id=\"voyagez-leger-grace-a-nos-emplacements-premium\">Reisen Sie mit leichtem Gep\u00e4ck dank <mark style=\"background-color:rgba(0, 0, 0, 0)\" class=\"has-inline-color has-rouge-clair-color\">unserer Premium-Stellpl\u00e4tze<\/mark><\/h2>\n\n\n\n<p>Unsere Stellpl\u00e4tze Castels Premium und Premium f\u00fcr Zelte erf\u00fcllen alle Ihre Anforderungen f\u00fcr einen Aufenthalt, der Komfort und Freiheit des Lebens im Freien miteinander verbindet! Entdecken Entdecken Sie die Premium-Stellpl\u00e4tze, die auf allen Castels-Campingpl\u00e4tzen angeboten werden: ger\u00e4umige, ruhige und sch\u00f6n angelegte Stellpl\u00e4tze mit Ausstattung und Leistungen, die im Preis inbegriffen sind.<\/p>\n\n\n\n<div class=\"wp-container-69f25ec81cca3 wp-block-buttons\">\n<div class=\"wp-block-button is-style-outline\"><a class=\"wp-block-button__link has-rouge-color has-text-color\" href=\"https:\/\/www.camping-la-garangeoire.com\/de\/die-pluspunkye-des-campingplatzes\/\">Die Extras des Campingplatzes<\/a><\/div>\n<\/div>\n<\/div>\n\n\n\n<div class=\"wp-block-column is-vertically-aligned-center\">\n<figure class=\"wp-block-gallery has-nested-images columns-default is-cropped\">\n<figure class=\"wp-block-image size-full\"><img loading=\"lazy\" width=\"2560\" height=\"1440\" src=\"https:\/\/www.camping-la-garangeoire.com\/wp-content\/uploads\/2023\/10\/LaGarangeoire\u00a9ClemoCreative_86-edited-scaled.jpg\" alt=\"\" class=\"wp-image-7261\" srcset=\"https:\/\/www.camping-la-garangeoire.com\/wp-content\/uploads\/2023\/10\/LaGarangeoire\u00a9ClemoCreative_86-edited-scaled.jpg 2560w, https:\/\/www.camping-la-garangeoire.com\/wp-content\/uploads\/2023\/10\/LaGarangeoire\u00a9ClemoCreative_86-edited-300x169.jpg 300w, https:\/\/www.camping-la-garangeoire.com\/wp-content\/uploads\/2023\/10\/LaGarangeoire\u00a9ClemoCreative_86-edited-1024x576.jpg 1024w, https:\/\/www.camping-la-garangeoire.com\/wp-content\/uploads\/2023\/10\/LaGarangeoire\u00a9ClemoCreative_86-edited-768x432.jpg 768w, https:\/\/www.camping-la-garangeoire.com\/wp-content\/uploads\/2023\/10\/LaGarangeoire\u00a9ClemoCreative_86-edited-1536x864.jpg 1536w, https:\/\/www.camping-la-garangeoire.com\/wp-content\/uploads\/2023\/10\/LaGarangeoire\u00a9ClemoCreative_86-edited-2048x1152.jpg 2048w, https:\/\/www.camping-la-garangeoire.com\/wp-content\/uploads\/2023\/10\/LaGarangeoire\u00a9ClemoCreative_86-edited-1920x1080.jpg 1920w\" sizes=\"(max-width: 2560px) 100vw, 2560px\" \/><\/figure>\n\n\n\n<figure class=\"wp-block-image size-full\"><img loading=\"lazy\" width=\"1024\" height=\"813\" src=\"https:\/\/www.camping-la-garangeoire.com\/wp-content\/uploads\/2023\/03\/gar_castel_la_garangeoire_231039_063.webp\" alt=\"\" class=\"wp-image-1798\" srcset=\"https:\/\/www.camping-la-garangeoire.com\/wp-content\/uploads\/2023\/03\/gar_castel_la_garangeoire_231039_063.webp 1024w, https:\/\/www.camping-la-garangeoire.com\/wp-content\/uploads\/2023\/03\/gar_castel_la_garangeoire_231039_063-300x238.webp 300w, https:\/\/www.camping-la-garangeoire.com\/wp-content\/uploads\/2023\/03\/gar_castel_la_garangeoire_231039_063-768x610.webp 768w\" sizes=\"(max-width: 1024px) 100vw, 1024px\" \/><\/figure>\n<\/figure>\n\n\n\n<div class=\"wp-container-69f25ec81cf8c wp-block-buttons\">\n<div class=\"wp-block-button\"><a class=\"wp-block-button__link\" href=\"https:\/\/www.camping-la-garangeoire.com\/de\/fotogalerie\/?galerie=emplacements\">Fotogalerie<\/a><\/div>\n<\/div>\n<\/div>\n<\/div>\n\n\n\n<div class=\"wp-container-69f25ec81d50e wp-block-group G-05-a\"><div class=\"wp-block-group__inner-container\">\n<div class=\"wp-block-columns are-vertically-aligned-center\">\n<div class=\"wp-block-column is-vertically-aligned-center\">\n<figure class=\"wp-block-image size-large\"><img loading=\"lazy\" width=\"1024\" height=\"685\" src=\"https:\/\/www.camping-la-garangeoire.com\/wp-content\/uploads\/2023\/09\/Garangeoire-2018-1024x685.jpg\" alt=\"\" class=\"wp-image-6900\" srcset=\"https:\/\/www.camping-la-garangeoire.com\/wp-content\/uploads\/2023\/09\/Garangeoire-2018-1024x685.jpg 1024w, https:\/\/www.camping-la-garangeoire.com\/wp-content\/uploads\/2023\/09\/Garangeoire-2018-300x201.jpg 300w, https:\/\/www.camping-la-garangeoire.com\/wp-content\/uploads\/2023\/09\/Garangeoire-2018-768x514.jpg 768w, https:\/\/www.camping-la-garangeoire.com\/wp-content\/uploads\/2023\/09\/Garangeoire-2018-1536x1028.jpg 1536w, https:\/\/www.camping-la-garangeoire.com\/wp-content\/uploads\/2023\/09\/Garangeoire-2018-2048x1371.jpg 2048w\" sizes=\"(max-width: 1024px) 100vw, 1024px\" \/><\/figure>\n\n\n\n<div class=\"wp-container-69f25ec81d287 wp-block-group encart\"><div class=\"wp-block-group__inner-container\">\n<p class=\"h5 has-vert-color has-text-color\">Ruhig<\/p>\n\n\n\n<p class=\"h4 has-vert-color has-text-color\">Ruhige und friedvolle Ferien<\/p>\n\n\n\n<p>Auf unserem Campingplatz herrscht eine famili\u00e4re und ruhige Atmosph\u00e4re. Nachtruhe: Damit sich alle Urlauber so richtig erholen k\u00f6nnen, bitten wir zwischen 22 Uhr und 8 Uhr auf dem gesamten Campingplatz um absolute Ruhe. Gegen 22.30 Uhr kehren die Ger\u00e4usche der Natur zur\u00fcck. F\u00fcr gesellige Abende stehen Ihnen in der Hochsaison die Bar und die zugeh\u00f6rigen Terrassen bis 1 Uhr zur Verf\u00fcgung.<\/p>\n<\/div><\/div>\n<\/div>\n\n\n\n<div class=\"wp-block-column is-vertically-aligned-center\" style=\"flex-basis:30%\">\n<ul class=\"pictos col-2 has-vert-color has-text-color\"><li><i class=\"fal fa-tree-deciduous\"><\/i> Natur &amp; Entspannung<\/li><li><i class=\"fal fa-leaf-heart\"><\/i> Ferienkomfort<\/li><li><i class=\"fal fa-trees\"><\/i> Stellpl\u00e4tze umgeben von B\u00e4umen<\/li><li><i class=\"fal fa-spa\"><\/i> Ruhige Atmosph\u00e4re<\/li><\/ul>\n<\/div>\n<\/div>\n<\/div><\/div>\n\n\n\n<h3 class=\"has-vert-color has-text-color\" id=\"entdecken-sie-unsere-stellplatze\">Entdecken Sie <mark style=\"background-color:rgba(0, 0, 0, 0)\" class=\"has-inline-color has-vert-clair-color\">unsere Stellpl\u00e4tze<\/mark><\/h3>\n\n\n\n<div class=\"wp-block-columns are-vertically-aligned-top has-fond-background-color has-background\">\n<div class=\"wp-block-column is-vertically-aligned-top\">\r\n    <section class=\"bloc--boucle wp-block-gallery diaporama-mob gal--ligne\">\r\n\r\n        \r\n            <article class=\"bloc--boucle__item \">\r\n                <a href=\"https:\/\/www.camping-la-garangeoire.com\/de\/emplacements\/castels-premium-suite-avec-sanitaire-individuel-et-cuisine\/\">\r\n\r\n                                            <figure class=\"wp-block-image\"><img src=\"https:\/\/www.camping-la-garangeoire.com\/wp-content\/uploads\/2023\/10\/LaGarangeoire_2K24\u00a9ClemoCreative_310.jpg\" alt=\"Camping La Garangeoire - Castels Premium Suite mit Sanit\u00e4ranlagen und K\u00fcche\"><\/figure>\r\n                    \r\n                    <p>Castels Premium Suite mit Sanit\u00e4ranlagen und K\u00fcche<\/p>\r\n\r\n                    <ul class=\"pictos liste centre\">\r\n                         <li><i class=\"fal fa-user\"><\/i>6<\/li>                                                                         \r\n                        \r\n                    <\/ul>\r\n                <\/a>\r\n            <\/article>\r\n\r\n        \r\n            <article class=\"bloc--boucle__item \">\r\n                <a href=\"https:\/\/www.camping-la-garangeoire.com\/de\/emplacements\/standort-mit-sanitaer-individuell\/\">\r\n\r\n                                            <figure class=\"wp-block-image\"><img src=\"https:\/\/www.camping-la-garangeoire.com\/wp-content\/uploads\/2023\/12\/garangeoire-13-copie.webp\" alt=\"Camping La Garangeoire - Stellplatz mit eigener Sanit\u00e4ranlage\"><\/figure>\r\n                    \r\n                    <p>Stellplatz mit eigener Sanit\u00e4ranlage<\/p>\r\n\r\n                    <ul class=\"pictos liste centre\">\r\n                         <li><i class=\"fal fa-user\"><\/i>1\/6<\/li>                                                                         \r\n                        \r\n                    <\/ul>\r\n                <\/a>\r\n            <\/article>\r\n\r\n        \r\n            <article class=\"bloc--boucle__item \">\r\n                <a href=\"https:\/\/www.camping-la-garangeoire.com\/de\/emplacements\/private-sanitaere-stelle\/\">\r\n\r\n                                            <figure class=\"wp-block-image\"><img src=\"https:\/\/www.camping-la-garangeoire.com\/wp-content\/uploads\/2023\/10\/Photo-sanitaire-prive-Castel-camping-la-Garangeoire.jpg\" alt=\"Camping La Garangeoire - Stellplatz mit privatem Sanit\u00e4r (angrenzende Einheit)\"><\/figure>\r\n                    \r\n                    <p>Stellplatz mit privatem Sanit\u00e4r (angrenzende Einheit)<\/p>\r\n\r\n                    <ul class=\"pictos liste centre\">\r\n                         <li><i class=\"fal fa-user\"><\/i>1\/6<\/li>                                                                         \r\n                        \r\n                    <\/ul>\r\n                <\/a>\r\n            <\/article>\r\n\r\n        \r\n    <\/section>\r\n\r\n<\/div>\n\n\n\n<div class=\"wp-block-column is-vertically-aligned-top\">\n<div class=\"wp-container-69f25ec82a97d wp-block-group\"><div class=\"wp-block-group__inner-container\">\n<h2 class=\"has-rouge-color has-text-color\" id=\"gamme-economique\">Kategorie mit Sanit\u00e4rkabine<\/h2>\n\n\n\n<p>F\u00fcr ein Maximum an Komfort und Privatsph\u00e4re haben wir drei<br>Stellplatztypen mit eigenen sanit\u00e4ren Anlagen. Diese ger\u00e4umigen Stellpl\u00e4tze sind f\u00fcr Zelte, Wohnmobile oder Wohnwagen geeignet.<\/p>\n\n\n\n<p>Nutzen Sie das Erlebnis eines Urlaubs in v\u00f6lliger Sicherheit und Freiheit!<\/p>\n\n\n\n<p>Damit Sie die passende Kategorie f\u00fcr Ihre Bed\u00fcrfnisse finden, steht Ihnen unser Team gerne zur Verf\u00fcgung, und <a href=\"http:\/\/Damit Sie die passende Kategorie f\u00fcr Ihre Bed\u00fcrfnisse finden, steht Ihnen unser Team gerne zur Verf\u00fcgung, und hier finden Sie einen Auswahlf\u00fchrer.\" target=\"_blank\" rel=\"noreferrer noopener\">hier<\/a> finden Sie einen Auswahlf\u00fchrer.<\/p>\n<\/div><\/div>\n<\/div>\n<\/div>\n\n\n\n<div class=\"wp-block-columns has-blanc-background-color has-background\">\n<div class=\"wp-block-column\">\n<div class=\"wp-container-69f25ec82ac58 wp-block-group\"><div class=\"wp-block-group__inner-container\">\n<h2 class=\"has-rouge-color has-text-color\" id=\"gamme-economique\"><mark style=\"background-color:rgba(0, 0, 0, 0)\" class=\"has-inline-color has-rouge-clair-color\">Premium<\/mark> Angebot<\/h2>\n\n\n\n<p>Reisen Sie mit leichtem Gep\u00e4ck! Unsere Premium-Castels<br>und Premium-Zeltpl\u00e4tze entsprechen dem Wunsch nach einem<br>Aufenthalt, der Komfort mit der Freiheit des Freiluftlebens verbindet!<\/p>\n\n\n\n<p>Privilegierte gro\u00dfe Stellpl\u00e4tze, ruhig und sch\u00f6n bepflanzt. Zubeh\u00f6r und<br>Dienstleistungen sind im Preis inbegriffen.<\/p>\n<\/div><\/div>\n<\/div>\n\n\n\n<div class=\"wp-block-column is-vertically-aligned-center\">\r\n    <section class=\"bloc--boucle wp-block-gallery diaporama-mob gal--ligne\">\r\n\r\n        \r\n            <article class=\"bloc--boucle__item \">\r\n                <a href=\"https:\/\/www.camping-la-garangeoire.com\/de\/emplacements\/standort-castels-premium\/\">\r\n\r\n                                            <figure class=\"wp-block-image\"><img src=\"https:\/\/www.camping-la-garangeoire.com\/wp-content\/uploads\/2023\/10\/Van-life-modifie-scaled.jpg\" alt=\"Camping La Garangeoire - Stellplatz Castels Premium\"><\/figure>\r\n                    \r\n                    <p>Stellplatz Castels Premium<\/p>\r\n\r\n                    <ul class=\"pictos liste centre\">\r\n                         <li><i class=\"fal fa-user\"><\/i>1\/6<\/li>                                                                         \r\n                        \r\n                    <\/ul>\r\n                <\/a>\r\n            <\/article>\r\n\r\n        \r\n            <article class=\"bloc--boucle__item \">\r\n                <a href=\"https:\/\/www.camping-la-garangeoire.com\/de\/emplacements\/standort-premium-zelt\/\">\r\n\r\n                                            <figure class=\"wp-block-image\"><img src=\"https:\/\/www.camping-la-garangeoire.com\/wp-content\/uploads\/2023\/04\/emplacement-premium-1.jpg\" alt=\"Camping La Garangeoire - Premium-Stellplatz f\u00fcr ein Zelt\"><\/figure>\r\n                    \r\n                    <p>Premium-Stellplatz f\u00fcr ein Zelt<\/p>\r\n\r\n                    <ul class=\"pictos liste centre\">\r\n                         <li><i class=\"fal fa-user\"><\/i>1\/6<\/li>                                                                         \r\n                        \r\n                    <\/ul>\r\n                <\/a>\r\n            <\/article>\r\n\r\n        \r\n    <\/section>\r\n\r\n<\/div>\n<\/div>\n\n\n\n<div class=\"wp-block-columns has-fond-background-color has-background\">\n<div class=\"wp-block-column is-vertically-aligned-center\">\r\n    <section class=\"bloc--boucle wp-block-gallery diaporama--3 gal--ligne\">\r\n\r\n        \r\n            <article class=\"bloc--boucle__item \">\r\n                <a href=\"https:\/\/www.camping-la-garangeoire.com\/de\/emplacements\/biwakplatz\/\">\r\n\r\n                                            <figure class=\"wp-block-image\"><img src=\"https:\/\/www.camping-la-garangeoire.com\/wp-content\/uploads\/2024\/01\/emplacement_bivouac_garangeoire.webp\" alt=\"Camping La Garangeoire - Stellplatz Biwak\"><\/figure>\r\n                    \r\n                    <p>Stellplatz Biwak<\/p>\r\n\r\n                    <ul class=\"pictos liste centre\">\r\n                         <li><i class=\"fal fa-user\"><\/i>1\/6<\/li>                                                                         \r\n                        \r\n                    <\/ul>\r\n                <\/a>\r\n            <\/article>\r\n\r\n        \r\n            <article class=\"bloc--boucle__item \">\r\n                <a href=\"https:\/\/www.camping-la-garangeoire.com\/de\/emplacements\/standort-hoher-komfort\/\">\r\n\r\n                                            <figure class=\"wp-block-image\"><img src=\"https:\/\/www.camping-la-garangeoire.com\/wp-content\/uploads\/2023\/12\/vacances-confort.webp\" alt=\"Camping La Garangeoire - Stellplatz Grand Confort\"><\/figure>\r\n                    \r\n                    <p>Stellplatz Grand Confort<\/p>\r\n\r\n                    <ul class=\"pictos liste centre\">\r\n                         <li><i class=\"fal fa-user\"><\/i>1\/6<\/li>                                                                         \r\n                        \r\n                    <\/ul>\r\n                <\/a>\r\n            <\/article>\r\n\r\n        \r\n            <article class=\"bloc--boucle__item \">\r\n                <a href=\"https:\/\/www.camping-la-garangeoire.com\/de\/emplacements\/standort-klassisch\/\">\r\n\r\n                                            <figure class=\"wp-block-image\"><img src=\"https:\/\/www.camping-la-garangeoire.com\/wp-content\/uploads\/2023\/11\/garangeoire-emplacement.webp\" alt=\"Camping La Garangeoire - Classique Stellplatz\"><\/figure>\r\n                    \r\n                    <p>Classique Stellplatz<\/p>\r\n\r\n                    <ul class=\"pictos liste centre\">\r\n                         <li><i class=\"fal fa-user\"><\/i>1\/6<\/li>                                                                         \r\n                        \r\n                    <\/ul>\r\n                <\/a>\r\n            <\/article>\r\n\r\n        \r\n            <article class=\"bloc--boucle__item \">\r\n                <a href=\"https:\/\/www.camping-la-garangeoire.com\/de\/emplacements\/stellplatz-einfaches-zelt\/\">\r\n\r\n                                            <figure class=\"wp-block-image\"><img src=\"https:\/\/www.camping-la-garangeoire.com\/wp-content\/uploads\/2023\/04\/emplacement-simple-4.jpg\" alt=\"Camping La Garangeoire - Einfacher Stellplatz f\u00fcr Zelte\"><\/figure>\r\n                    \r\n                    <p>Einfacher Stellplatz f\u00fcr Zelte<\/p>\r\n\r\n                    <ul class=\"pictos liste centre\">\r\n                         <li><i class=\"fal fa-user\"><\/i>1\/6<\/li>                                                                         \r\n                        \r\n                    <\/ul>\r\n                <\/a>\r\n            <\/article>\r\n\r\n        \r\n    <\/section>\r\n\r\n<\/div>\n\n\n\n<div class=\"wp-block-column\">\n<div class=\"wp-container-69f25ec83b53a wp-block-group\"><div class=\"wp-block-group__inner-container\">\n<h2 class=\"has-rouge-color has-text-color\" id=\"gamme-economique\"><mark style=\"background-color:rgba(0, 0, 0, 0)\" class=\"has-inline-color has-rouge-clair-color\">Traditionell<\/mark> Angebot<\/h2>\n\n\n\n<p>Liebhaber des authentischen Campings werden sich f\u00fcr<br>einen unserer traditionellen Stellpl\u00e4tze entscheiden: Sie sind<br>ger\u00e4umig, grasbewachsen und durch nat\u00fcrliche Hecken abgegrenzt.<\/p>\n<\/div><\/div>\n<\/div>\n<\/div>\n","protected":false},"excerpt":{"rendered":"<p>Natur 168 Stellpl\u00e4tze erwarten unsere Campingg\u00e4ste. Alle Stellpl\u00e4tze liegen in einzigartig sch\u00f6ner Natur und sind durch Hecken und Str\u00e4ucher voneinander abgegrenzt. Ihre Gr\u00f6\u00dfen betragen zwischen 120 und 260 m\u00b2.&nbsp; Je nach Verf\u00fcgbarkeit k\u00f6nnen Sie zwischen einem schattigen Platz im Eichenhochwald, einem Sonnenplatz auf der Wiese oder einer windgesch\u00fctzten Parzelle an einer Hecke w\u00e4hlen. Die Zeltwiese [&hellip;]<\/p>\n","protected":false},"author":1,"featured_media":0,"parent":0,"menu_order":0,"comment_status":"closed","ping_status":"closed","template":"","meta":[],"acf":[],"_links":{"self":[{"href":"https:\/\/www.camping-la-garangeoire.com\/de\/wp-json\/wp\/v2\/pages\/5130"}],"collection":[{"href":"https:\/\/www.camping-la-garangeoire.com\/de\/wp-json\/wp\/v2\/pages"}],"about":[{"href":"https:\/\/www.camping-la-garangeoire.com\/de\/wp-json\/wp\/v2\/types\/page"}],"author":[{"embeddable":true,"href":"https:\/\/www.camping-la-garangeoire.com\/de\/wp-json\/wp\/v2\/users\/1"}],"replies":[{"embeddable":true,"href":"https:\/\/www.camping-la-garangeoire.com\/de\/wp-json\/wp\/v2\/comments?post=5130"}],"version-history":[{"count":6,"href":"https:\/\/www.camping-la-garangeoire.com\/de\/wp-json\/wp\/v2\/pages\/5130\/revisions"}],"predecessor-version":[{"id":12936,"href":"https:\/\/www.camping-la-garangeoire.com\/de\/wp-json\/wp\/v2\/pages\/5130\/revisions\/12936"}],"wp:attachment":[{"href":"https:\/\/www.camping-la-garangeoire.com\/de\/wp-json\/wp\/v2\/media?parent=5130"}],"curies":[{"name":"wp","href":"https:\/\/api.w.org\/{rel}","templated":true}]}}