{"id":5090,"date":"2023-06-13T10:48:36","date_gmt":"2023-06-13T08:48:36","guid":{"rendered":"https:\/\/www.camping-la-garangeoire.com\/camping-informationen-praktiken\/"},"modified":"2026-03-25T12:26:22","modified_gmt":"2026-03-25T11:26:22","slug":"camping-informationen-praktiken","status":"publish","type":"page","link":"https:\/\/www.camping-la-garangeoire.com\/de\/camping-informationen-praktiken\/","title":{"rendered":"Campingplatz &#8211; praktische Informationen"},"content":{"rendered":"\n<div class=\"wp-block-cover\"><span aria-hidden=\"true\" class=\"wp-block-cover__gradient-background has-background-dim\"><\/span><img loading=\"lazy\" width=\"2048\" height=\"832\" class=\"wp-block-cover__image-background wp-image-1777\" alt=\"\" src=\"https:\/\/www.camping-la-garangeoire.com\/wp-content\/uploads\/2023\/03\/gar_castel_la_garangeoire_231039_067.webp\" data-object-fit=\"cover\" srcset=\"https:\/\/www.camping-la-garangeoire.com\/wp-content\/uploads\/2023\/03\/gar_castel_la_garangeoire_231039_067.webp 2048w, https:\/\/www.camping-la-garangeoire.com\/wp-content\/uploads\/2023\/03\/gar_castel_la_garangeoire_231039_067-300x122.webp 300w, https:\/\/www.camping-la-garangeoire.com\/wp-content\/uploads\/2023\/03\/gar_castel_la_garangeoire_231039_067-1024x416.webp 1024w, https:\/\/www.camping-la-garangeoire.com\/wp-content\/uploads\/2023\/03\/gar_castel_la_garangeoire_231039_067-768x312.webp 768w, https:\/\/www.camping-la-garangeoire.com\/wp-content\/uploads\/2023\/03\/gar_castel_la_garangeoire_231039_067-1536x624.webp 1536w\" sizes=\"(max-width: 2048px) 100vw, 2048px\" \/><div class=\"wp-block-cover__inner-container\">\n<h1 id=\"camping-informations-pratiques\">Campingplatz &#8211; praktische Informationen<\/h1>\n<\/div><\/div>\n\n\n\n<div class=\"wp-block-columns are-vertically-aligned-center\">\n<div class=\"wp-block-column is-vertically-aligned-center\">\n<h2 class=\"has-vert-color has-text-color\" id=\"sejour-et-reservation\">Aufenthalt <mark style=\"background-color:rgba(0, 0, 0, 0)\" class=\"has-inline-color has-vert-clair-color\">und Reservierung<\/mark><\/h2>\n\n\n\n<p>Der Campingplatz ist vom 5. Mai bis 13. September 2026 ge\u00f6ffnet (Zelt- und Stellpl\u00e4tze).<br>W\u00e4hrend der Hochsaison empfehlen wir eine Reservierung. Eine Mindestaufenthaltsdauer wird nicht vorgeschrieben.<br>Die Reservierung muss eine Vorauszahlung in H\u00f6he von 25% enthalten. Der Restbetrag ist sp\u00e4testens 30 Tagen vor dem geplanten Aufenthalt zu begleichen.<\/p>\n<\/div>\n\n\n\n<div class=\"wp-block-column is-vertically-aligned-center\">\n<h2 class=\"h5\" id=\"arrivee-et-depart\">Ankunft und Abreise<\/h2>\n\n\n\n<p>Der Zelt- oder Stellplatz ist am Anreisetag ab 12 Uhr verf\u00fcgbar und muss am Abreisetag vor 12 Uhr verlassen werden.  <strong>Den Stellpl\u00e4tzen Premium, privatem\/eigenem Sanit\u00e4r und Castels Premium Suite<\/strong>, sindt ab 14 Uhr verf\u00fcgbar. Der Stellplatz muss am Tag der Abreise bis 12 Uhr mittags ger\u00e4umt werden. Nach 12 Uhr ist es nicht mehr m\u00f6glich, die Infrastruktur zu nutzen. Das Parken von Wohnmobilen oder Wohnwagen ist vor der genehmigten Ankunftszeit und nach 12 Uhr bei Ihrer Abreise nicht mehr m\u00f6glich.<\/p>\n\n\n\n<p>Die Ankunft ist w\u00e4hrend der Vor- und Nachsaison bis 19 Uhr und im Juli\/August bis 20 Uhr m\u00f6glich.<\/p>\n\n\n\n<p>Nach der Anmeldung bei der Rezeption begleitet Sie unser Empfangspersonal bis zu Ihrem Platz.<\/p>\n<\/div>\n<\/div>\n\n\n\n<div class=\"wp-container-69f284d69e130 wp-block-group G-25\"><div class=\"wp-block-group__inner-container\">\n<h2 class=\"has-text-align-center h4 has-ocre-color has-text-color\" id=\"fermeture-de-nuit\"><strong>Nachtruhe<\/strong><\/h2>\n\n\n\n<p class=\"has-text-align-center\">wischen 22.30 Uhr und 7.00 Uhr ist jeglicher Fahrzeugverkehr innerhalb des Campingplatzes verboten. Ab 22.30 Uhr steht Ihnen ein spezieller Nachtparkplatz zur Verf\u00fcgung.<\/p>\n\n\n\n<div class=\"wp-block-columns\">\n<div class=\"wp-block-column\">\n<p class=\"h6 has-ocre-color has-text-color\"><i class=\"fas fa-award\"><\/i> <strong>Tagessatz<\/strong><\/p>\n\n\n\n<p>Der Tagessatz ist g\u00fcltig f\u00fcr 2 Personen+ 1 Fahrzeug pro Platz.<\/p>\n\n\n\n<p>Jeder Platz kann von max. 6 Erwachsenen (oder Erwachsenen + Kindern bei Gro\u00dffamilien) genutzt werden.<\/p>\n<\/div>\n\n\n\n<div class=\"wp-block-column\">\n<p class=\"h6 has-ocre-color has-text-color\"><i class=\"fas fa-bolt\"><\/i> <strong>Strom<\/strong><\/p>\n\n\n\n<p>Alle Parzellen mit Stromanschluss verf\u00fcgen \u00fcber eine Stromversorgung von 16 A.<\/p>\n\n\n\n<p>Verl\u00e4ngerungskabel und Adapter k\u00f6nnen an der Rezeption mit Hinterlegung einer Kaution von 20 \u20ac ausgeliehen werden.<\/p>\n<\/div>\n\n\n\n<div class=\"wp-block-column\">\n<p class=\"h6 has-ocre-color has-text-color\"><i class=\"fas fa-shish-kebab\"><\/i> <strong>Gartengrills<\/strong><\/p>\n\n\n\n<p>Aufgrund der Waldn\u00e4he verbietet ein Pr\u00e4fekturbeschluss die Verwendung von Holzkohle- oder Elektrogrills. Nur Gasgrills sind zugelassen.<\/p>\n\n\n\n<p>Gasgrills k\u00f6nnen an der Rezeption gemietet werden (Weber Q1000 bbq Grill 15\u20ac\/Tag) gegen eine <strong>Kaution von 200 \u20ac<\/strong>.<\/p>\n<\/div>\n<\/div>\n<\/div><\/div>\n\n\n\n<div class=\"wp-block-cover\"><span aria-hidden=\"true\" class=\"has-background-dim-80 wp-block-cover__gradient-background has-background-dim\"><\/span><img loading=\"lazy\" width=\"2048\" height=\"1112\" class=\"wp-block-cover__image-background wp-image-1689\" alt=\"\" src=\"https:\/\/www.camping-la-garangeoire.com\/wp-content\/uploads\/2023\/03\/garangeoire-6.webp\" data-object-fit=\"cover\" srcset=\"https:\/\/www.camping-la-garangeoire.com\/wp-content\/uploads\/2023\/03\/garangeoire-6.webp 2048w, https:\/\/www.camping-la-garangeoire.com\/wp-content\/uploads\/2023\/03\/garangeoire-6-300x163.webp 300w, https:\/\/www.camping-la-garangeoire.com\/wp-content\/uploads\/2023\/03\/garangeoire-6-1024x556.webp 1024w, https:\/\/www.camping-la-garangeoire.com\/wp-content\/uploads\/2023\/03\/garangeoire-6-768x417.webp 768w, https:\/\/www.camping-la-garangeoire.com\/wp-content\/uploads\/2023\/03\/garangeoire-6-1536x834.webp 1536w\" sizes=\"(max-width: 2048px) 100vw, 2048px\" \/><div class=\"wp-block-cover__inner-container\">\n<h2 class=\"h4\" id=\"fa-icon-icon-fas-fa-dog-animaux\"><i class=\"fas fa-dog\"><\/i>  Tiere<\/h2>\n\n\n\n<p>Haustiere werden gegen einen Aufpreis akzeptiert. (6 \u20ac pro Nacht zwischen dem 1. Juli und 31. August \/ 5 \u20ac pro Nacht an allen anderen Daten).<br>Hunde und Katzen m\u00fcssen t\u00e4towiert und geimpft sein und an der Leine gef\u00fchrt werden. Heimtiere werden nur zugelassen, wenn bei Anmeldung an der Rezeption ein g\u00fcltiger Tollwutimpfschutz vorgelegt werden kann.<br>Gem\u00e4\u00df Art. 211-1 des franz\u00f6sischen Code Rural und der geltenden Bestimmungen und ministeriellen Vorschriften, sind Hunde der Kategorie 1 (Kampfhunde) verboten. Hunde der Kategorie 2 (Wach- und Schutzhunde) m\u00fcssen einen Maulkorb tragen und d\u00fcrfen nur von Erwachsenen an der Leine gef\u00fchrt werden (Art. 211-5 des Code Rural). Besitzer von Hunden der Kategorie 2 m\u00fcssen eine offizielle Haltebewilligung, sowie einen Versicherungsnachweis vorlegen.<br>Wir bitten Sie, Ihren Hund sowohl im Park als auch auf dem Campingplatz an einer kurzen Leine zu f\u00fchren und darauf zu achten, dass er nicht allein eingeschlossen zur\u00fcckbleibt, bellt oder F\u00e4kalien hinterl\u00e4sst.<\/p>\n\n\n\n<p>Auf unserer Seite <a href=\"https:\/\/www.camping-la-garangeoire.com\/de\/in-den-urlaub-mit-seinem-hund-vendee-gehen\/\" data-type=\"page\" data-id=\"1707\">&#8220;Mit ihrem Hund reisen nach Camping La Garangeoire&#8221;<\/a> finden Sie n\u00fctzliche Tipps und lustige Ausfl\u00fcge f\u00fcr Sie und Ihren Hund.<\/p>\n\n\n\n<p>Au\u00dferhalb der Monate Juli und August ist es m\u00f6glich, mehr als zwei Hunde aufzunehmen, sofern es sich um kleine Hunde handelt. Bitte kontaktieren Sie uns im Voraus.<\/p>\n<\/div><\/div>\n\n\n\n<div class=\"wp-block-columns\">\n<div class=\"wp-block-column\">\n<h2 class=\"h6 has-vert-color has-text-color\" id=\"fa-icon-icon-fas-fa-refrigerator-location-de-refrigerateurs\"><i class=\"fas fa-refrigerator\"><\/i>  Vermietung von K\u00fchlschr\u00e4nken<\/h2>\n\n\n\n<p>Es ist m\u00f6glich, 90-Liter-K\u00fchlschr\u00e4nke (solange der Vorrat reicht) zum Preis von 12 \u20ac\/Tag vom 20. Juli bis 20. August zu mieten.<\/p>\n\n\n\n<h2 class=\"h6 has-vert-color has-text-color\" id=\"fa-icon-icon-fas-fa-blanket-sechoirs-a-linge\"><i class=\"fas fa-blanket\"><\/i>  W\u00e4schest\u00e4nder<\/h2>\n\n\n\n<p>Es ist verboten, W\u00e4scheleinen auf den Pl\u00e4tzen oder zwischen den B\u00e4umen auszuspannen. Wir bitten Sie, Ihre W\u00e4sche auf den vorgesehenen Gemeinschaftsw\u00e4scheleinen oder auf individuellen W\u00e4schest\u00e4ndern zu trocknen. Diese k\u00f6nnen gegen Hinterlegung einer Kaution von 20 \u20ac an der Rezeption ausgeliehen werden.<\/p>\n<\/div>\n\n\n\n<div class=\"wp-block-column\">\n<h2 class=\"h6 has-vert-color has-text-color\" id=\"equipement-pour-bebes-fa-icon-icon-fas-fa-universal-access-accessibilite\"><i class=\"fas fa-baby\"><\/i>  Ausstattung f\u00fcr Babys<\/h2>\n\n\n\n<p>Alle Sanit\u00e4rgeb\u00e4ude sind mit Wickeltischen und Badewannen ausgestattet.<br>Individuelle Hochst\u00fchle und Babybetten k\u00f6nnen f\u00fcr die Dauer Ihres Aufenthalts gemietet werden (bitte bei der Reservierung mitbuchen) ( Babybett 15\u20ac und Babystuhl 10\u20ac pro Aufenthalt, bei der Buchung zu bestellen).<br>Wickelauflagen k\u00f6nnen gegen eine Kaution von 20\u20ac ausgeliehen werden.<br>Hochst\u00fchle stehen Ihnen sowohl in der Bar als auch im Restaurant zur Verf\u00fcgung.<br>In der Fahrradvermietung werden Kindersitze f\u00fcr die Mietr\u00e4der angeboten.<\/p>\n\n\n\n<h2 class=\"h6 has-vert-color has-text-color\" id=\"equipement-pour-bebes-fa-icon-icon-fas-fa-universal-access-accessibilite\"><i class=\"fas fa-universal-access\"><\/i>  Barrierefreiheit<\/h2>\n\n\n\n<p>60 unserer Zelt- und Stellpl\u00e4tze sind sehr leicht zug\u00e4nglich.<br>Vier Sanit\u00e4rkabinen (WC, Duschen, Waschbecken) entsprechen den Normen f\u00fcr Menschen mit eingeschr\u00e4nkter Mobilit\u00e4t. Diese Sanit\u00e4ranlagen befinden sich am Schwimmbad, in der Bar\/Restaurant, an der Rezeption und im Zentrum der Wiese f\u00fcr Zelte, Wohnwagen und Wohnmobile.<br>Weitere Informationen finden Sie in unserer Seite&nbsp;&#8221; <a href=\"https:\/\/www.camping-la-garangeoire.com\/de\/aufnahem-von-menschen-mit-behinderungen\/\" data-type=\"page\" data-id=\"1517\">Empfang f\u00fcr Personen mit Behinderungen<\/a>. &#8220;<\/p>\n<\/div>\n<\/div>\n\n\n\n<div class=\"wp-block-columns\">\n<div class=\"wp-block-column\">\n<h2 class=\"h5\" id=\"visiteurs\">Besucher<\/h2>\n\n\n\n<p class=\"h4\">Besucher empfangen<\/p>\n\n\n\n<p>Sollten Sie Besucher erwarten, bitten wir Sie, die Rezeption hier\u00fcber zu informieren und den entsprechenden Besucherpreis zu zahlen.<br>4 \u20ac in der Vor- und Nachsaison, 5 \u20ac zwischen dem 1. Juli und 31. August (f\u00fcr eine Dauer ab 2 Stunden). Der Zugang zu Schwimmb\u00e4dern ist ihnen gem\u00e4\u00df den Vorschriften untersagt.<\/p>\n<\/div>\n\n\n\n<div class=\"wp-block-column\">\n<p class=\"h5 has-vert-color has-text-color\" id=\"infotaxe-de-sejour\">Info<\/p>\n\n\n\n<h2 class=\"h4 has-vert-color has-text-color\" id=\"infotaxe-de-sejour\">Kurtaxe<\/h2>\n\n\n\n<p>Zwischen dem 1. Mai und 30. September wird von der Gemeinde Saint-Julien des Landes eine Kurtaxe erhoben. Diese wird vom Campingplatz mit berechnet und an die entsprechende Beh\u00f6rde weitergeleitet. Der Preis betr\u00e4gt 0,66 \u20ac pro Nacht und pro Erwachsener ab 18 Jahren.<\/p>\n<\/div>\n<\/div>\n\n\n\n<div class=\"wp-container-69f284d69e664 wp-block-group\"><div class=\"wp-block-group__inner-container\">\n<h2 class=\"has-text-align-center h4 has-ocre-color has-text-color\" id=\"allgemeine-verkaufsbedingungen\">Allgemeine Verkaufsbedingungen<\/h2>\n\n\n\n<p>1. Der Castel Campingplatz La Garangeoire akzeptiert die Reservierung von Zelt- und Stellpl\u00e4tzen, um seinen Kunden bei Ankunft die Verf\u00fcgbarkeit eines Platzes garantieren zu k\u00f6nnen. Die Reservierung unterliegt folgenden Bedingungen: Die Reservierung muss eine Vorauszahlung in H\u00f6he von 25% des Gesamtpreises enthalten. (einschlie\u00dflich der Kosten f\u00fcr die Anmietung eines K\u00fchlschranks oder von Gartenm\u00f6beln, falls gew\u00fcnscht).&nbsp;Die Vorauszahlung wird vom Gesamtbetrag des Aufenthalts abgezogen. Nach Eingang der Zahlung und des ausgef\u00fcllten und unterschriebenen Vertrags senden wir Ihnen eine Buchungsbest\u00e4tigung.<br><strong>Der Restbetrag ist sp\u00e4testens 30 Tagen vor dem geplanten Aufenthalt zu begleichen.<\/strong>&nbsp;Im Falle des Ausbleibens dieser Zahlung wird Ihre Reservierung automatisch storniert.<\/p>\n\n\n\n<p><strong>NICHT VERGESSEN:<\/strong><br>2. Der Stellplatz steht ab 12.00 Uhr zur Verf\u00fcgung, mit Ausnahme der PREMIUM-Stellpl\u00e4tze, der PRIVAT-SANIT\u00c4RE, der CASTELS SUITE PREMIUM, bei denen die Ankunft ab 14:00 Uhr m\u00f6glich ist. Der Stellplatz muss am Tag der Abreise unbedingt vor 12 Uhr mittags ger\u00e4umt sein. Nach 12 Uhr ist es nicht mehr m\u00f6glich, die Infrastruktur zu nutzen. Das Parken von Wohnmobilen oder Wohnwagen ist vor der genehmigten Ankunftszeit und nach 12 Uhr bei Ihrer Abreise nicht mehr m\u00f6glich. <em>Eine Kaution von 100 \u20ac f\u00fcr die Stellpl\u00e4tze PREMIUM-Stellpl\u00e4tze, PRIVAT-SANIT\u00c4RE und CASTELS SUITE PREMIUM, wird vor Anfang Ihres Aufenthalts verlangt, um den Verlust, den Bruch, die Besch\u00e4digung der Ausr\u00fcstung und die Sauberkeit bei Ihrer Abreise zu garantieren. Sie wird Ihnen am Ende Ihres Aufenthalts nach Abzug der Kosten f\u00fcr die Wiederherstellung des Standorts oder der fehlenden oder besch\u00e4digten Ausr\u00fcstung zur\u00fcckgegeben<\/em>.<br>3. Jeder Platz kann von max. 6 Erwachsenen (oder Erwachsenen + Kindern bei Gro\u00dffamilien) gemutzt werden..<br>4. Die Vermietung ist namensgebunden. Eine Unter- oder Weitervermietung an Dritte ist verboten.<br>5. Jede \u00c4nderung vorab gelieferter Informationen muss bei der Anmeldung mitgeteilt werden. Im Falle einer Falscherkl\u00e4rung seitens des Mieters, verliert der vorliegende Vertrag sofort seine G\u00fcltigkeit. Die bereits bezahlten Betr\u00e4ge werden nicht erstattet.<br>6. Eine eventuelle Versp\u00e4tung bei der Anreise muss der Rezeption mitgeteilt werden, damit die Reservierung aufrecht erhalten werden kann.<br>Ohne Informationen seitens des Mieters innerhalb von 24 Stunden nach dem offiziellen Anreisetag, beh\u00e4lt sich die Direktion das Recht vor, den reservierten Platz anderweitig zu vermieten.<br>7. Nach Beginn des Aufenthalts ist in keinem Fall eine Erstattung bei einem eventuellen Reiseabbruch m\u00f6glich. Der Abschluss einer Reiser\u00fccktrittsversicherung wird stark empfohlen. Eine Reiseverschiebung auf die n\u00e4chste Saison wird nicht akzeptiert.<br>8. Im Falle von Stornierungen werden folgende Kosten f\u00e4llig zur Entsch\u00e4digung f\u00fcr die Nichteinhaltung des Vertrages :<br>\u2013 Erfolgt die Stornierung eines reservierter Stellplatz es mehr als 90 Tage vor dem Ankunftsdatum, wird eine Pauschale von 50 \u20ac einbehalten.<br>\u2013 Wird die Reservierung zwischen dem 30. und 89. Tag vor der Ankunft storniert, werden 150 \u20ac als Entsch\u00e4digung f\u00fcr die Stornierung einbehalten. Eine Anzahlung unter 150 \u20ac wird nicht erstattet.<br>\u2013 Erfolgt die Stornierung weniger als 30 Tage vor der Ankunft, ist keine R\u00fcckerstattung m\u00f6glich.<br>9. Bitte senden Sie uns den ausgef\u00fcllten und unterschriebenen Mietvertrag.<br>10. Eventuelle Unstimmigkeiten fallen in die Kompetenz des Amtsgerichts von Les Sables d\u2019Olonne.<br>11. Gem\u00e4\u00df Artikel L. 152-1 des franz\u00f6sischen Verbraucherschutzgesetzes k\u00f6nnen Sie sich kostenlos an den Schlichtungsdienst CM2C wenden, dem wir angeh\u00f6ren, per Internet <a rel=\"noreferrer noopener\" href=\"https:\/\/cm2c.net\/\" target=\"_blank\">https:\/\/cm2c.net<\/a> oder per Post: CM2C \u2013 14 rue Saint Jean \u2013 75017 PARIS.<br>12. <strong>Die G\u00e4ste des <a href=\"https:\/\/www.camping-la-garangeoire.com\/wp-content\/uploads\/2025\/12\/Official-Rules-and-Code-of-Conduct-Camping-La-Garangeoire.pdf\" target=\"_blank\" rel=\"noreferrer noopener\">Campingplatzes verpflichten sich<\/a>, die internen Vorschriften und insbesondere die Nachtruhe zu respektieren. Die Campingplatzordnung sind am Eingang des Campingplatzes ausgeh\u00e4ngt, an der Rezeption erh\u00e4ltlich, kann auf unserer Website eingesehen werden und wird Ihnen auf Anfrage zugesandt.<\/strong><\/p>\n\n\n\n<ul><li>Von 22.30 Uhr bis 07.00 Uhr ist jeglicher Verkehr auf dem Campingplatz verboten. Fahrzeuge, die nach 22.30 Uhr ankommen, m\u00fcssen auf dem Parkplatz am Anfang des Campingplatz geparkt werden.<\/li><li>Das Tragen des Identifikationsarmbands &#8220;G-smart&#8221; ist f\u00fcr jeden Camper (Erwachsene und Kinder) Pflicht, um Zugang zum Pool zu erhalten.<\/li><li>Die Besucher m\u00fcssen sich bei ihrer Ankunft an der Rezeption melden und die entsprechende Geb\u00fchr entrichten. Der Zugang zu den Schwimmb\u00e4dern ist gem\u00e4\u00df den Vorschriften untersagt.<\/li><li>Jede kostenlose oder kostenpflichtige Aktivit\u00e4t, die in unserer Brosch\u00fcre oder auf unserer Website erw\u00e4hnt wird, kann unter bestimmten Umst\u00e4nden, auf die wir keinen Einfluss haben, w\u00e4hrend Ihres Aufenthalts vor Ort ge\u00e4ndert oder gestrichen werden. Wir k\u00f6nnen daf\u00fcr nicht verantwortlich gemacht werden.<\/li><li>Minderj\u00e4hrige m\u00fcssen von ihren Eltern oder gesetzlichen Vertretern begleitet werden.<\/li><li>Sie erm\u00e4chtigen La Garangeoire (ohne Entsch\u00e4digung), Fotos und Videos von Ihnen und Ihren Mitbewohnern, die w\u00e4hrend Ihres Aufenthalts aufgenommen werden, f\u00fcr Werbezwecke des Campingplatzes La Garangeoire zu verwenden<\/li><\/ul>\n\n\n\n<p>Mit diesen Hinweisen m\u00f6chten wir eventuellen Missverst\u00e4ndnissen vorbeugen. Wir bedanken uns f\u00fcr Ihr Vertrauen und w\u00fcnschen Ihnen einen angenehmen Aufenthalt in La Garangeoire.<\/p>\n\n\n\n<p>Die Direktion<\/p>\n\n\n\n<h2 class=\"h5\" id=\"assurance-annulation-interruption-de-sejour\">Versicherung f\u00fcr Reiser\u00fccktritt + Reiseabbruch<\/h2>\n\n\n\n<p>egliche Stornierung muss uns schriftlich mitgeteilt werden. Sie erlangt ihre G\u00fcltigkeit erst mit dem Empfangsdatum.<\/p>\n\n\n\n<p><strong>Aufgrund der vielen Mi\u00dfverst\u00e4ndnisse und Entt\u00e4uschungen aus den letzten zwei Jahren empfehlen wir Ihnen unabh\u00e4ngig von der Vertragsunterschrift gleichzeitig eine Reiser\u00fccktrittsversicherung mit einer Versicherung Ihrer Wahl abzuschlie\u00dfen<\/strong><strong> <a rel=\"noreferrer noopener\" href=\"https:\/\/www.campez-couvert.com\/pour-les-particuliers\/souscrire\/\" target=\"_blank\">https:\/\/www.campez-couvert.com\/pour-les-particuliers\/souscrire\/<\/a>)<\/strong><\/p>\n<\/div><\/div>\n","protected":false},"excerpt":{"rendered":"<p>Aufenthalt und Reservierung Der Campingplatz ist vom 5. Mai bis 13. September 2026 ge\u00f6ffnet (Zelt- und Stellpl\u00e4tze).W\u00e4hrend der Hochsaison empfehlen wir eine Reservierung. Eine Mindestaufenthaltsdauer wird nicht vorgeschrieben.Die Reservierung muss eine Vorauszahlung in H\u00f6he von 25% enthalten. Der Restbetrag ist sp\u00e4testens 30 Tagen vor dem geplanten Aufenthalt zu begleichen. Ankunft und Abreise Der Zelt- oder [&hellip;]<\/p>\n","protected":false},"author":1,"featured_media":0,"parent":0,"menu_order":0,"comment_status":"closed","ping_status":"closed","template":"","meta":[],"acf":[],"_links":{"self":[{"href":"https:\/\/www.camping-la-garangeoire.com\/de\/wp-json\/wp\/v2\/pages\/5090"}],"collection":[{"href":"https:\/\/www.camping-la-garangeoire.com\/de\/wp-json\/wp\/v2\/pages"}],"about":[{"href":"https:\/\/www.camping-la-garangeoire.com\/de\/wp-json\/wp\/v2\/types\/page"}],"author":[{"embeddable":true,"href":"https:\/\/www.camping-la-garangeoire.com\/de\/wp-json\/wp\/v2\/users\/1"}],"replies":[{"embeddable":true,"href":"https:\/\/www.camping-la-garangeoire.com\/de\/wp-json\/wp\/v2\/comments?post=5090"}],"version-history":[{"count":6,"href":"https:\/\/www.camping-la-garangeoire.com\/de\/wp-json\/wp\/v2\/pages\/5090\/revisions"}],"predecessor-version":[{"id":14115,"href":"https:\/\/www.camping-la-garangeoire.com\/de\/wp-json\/wp\/v2\/pages\/5090\/revisions\/14115"}],"wp:attachment":[{"href":"https:\/\/www.camping-la-garangeoire.com\/de\/wp-json\/wp\/v2\/media?parent=5090"}],"curies":[{"name":"wp","href":"https:\/\/api.w.org\/{rel}","templated":true}]}}