{"id":5055,"date":"2023-06-13T10:30:50","date_gmt":"2023-06-13T08:30:50","guid":{"rendered":"https:\/\/www.camping-la-garangeoire.com\/aufnahem-von-menschen-mit-behinderungen\/"},"modified":"2025-11-26T15:27:06","modified_gmt":"2025-11-26T14:27:06","slug":"aufnahem-von-menschen-mit-behinderungen","status":"publish","type":"page","link":"https:\/\/www.camping-la-garangeoire.com\/de\/aufnahem-von-menschen-mit-behinderungen\/","title":{"rendered":"Barrierefreiheit"},"content":{"rendered":"\n<div class=\"wp-block-cover\"><span aria-hidden=\"true\" class=\"wp-block-cover__gradient-background has-background-dim\"><\/span><img loading=\"lazy\" width=\"2048\" height=\"832\" class=\"wp-block-cover__image-background wp-image-1777\" alt=\"\" src=\"https:\/\/www.camping-la-garangeoire.com\/wp-content\/uploads\/2023\/03\/gar_castel_la_garangeoire_231039_067.webp\" data-object-fit=\"cover\" srcset=\"https:\/\/www.camping-la-garangeoire.com\/wp-content\/uploads\/2023\/03\/gar_castel_la_garangeoire_231039_067.webp 2048w, https:\/\/www.camping-la-garangeoire.com\/wp-content\/uploads\/2023\/03\/gar_castel_la_garangeoire_231039_067-300x122.webp 300w, https:\/\/www.camping-la-garangeoire.com\/wp-content\/uploads\/2023\/03\/gar_castel_la_garangeoire_231039_067-1024x416.webp 1024w, https:\/\/www.camping-la-garangeoire.com\/wp-content\/uploads\/2023\/03\/gar_castel_la_garangeoire_231039_067-768x312.webp 768w, https:\/\/www.camping-la-garangeoire.com\/wp-content\/uploads\/2023\/03\/gar_castel_la_garangeoire_231039_067-1536x624.webp 1536w\" sizes=\"(max-width: 2048px) 100vw, 2048px\" \/><div class=\"wp-block-cover__inner-container\">\n<h1 id=\"accueil-des-personnes-en-situation-de-handicap\">Barrierefreiheit<\/h1>\n<\/div><\/div>\n\n\n\n<div class=\"wp-block-columns are-vertically-aligned-center\">\n<div class=\"wp-block-column is-vertically-aligned-center\">\n<h2 class=\"h3 has-vert-color has-text-color\" id=\"bienvenue-aux-personnes-en-situation-de-handicap\">Ein geeignetes Angebot auch f\u00fcr Personen mit <em>Behinderung<\/em><\/h2>\n\n\n\n<p><strong>Selbstverst\u00e4ndlich hei\u00dfen wir in La Garangeoire auch Personen mit Behinderung herzlich willkommen. Wir verf\u00fcgen \u00fcber das entsprechende Angebot f\u00fcr alle Behinderungsarten, denn unser Ziel ist es, dass Sie einen gelungenen Urlaub mit Ihrer ganzen Familie verbringen!&nbsp;<\/strong><\/p>\n\n\n\n<p>In&nbsp;<strong>2011<\/strong>&nbsp;wurden wir mit dem Label&nbsp;<strong>Tourisme &amp; Handicap<\/strong>&nbsp;f\u00fcr eine Anpassung an geistige, visuelle und auditive Behinderungen ausgezeichnet. Die Auszeichnung f\u00fcr die Anpassung an&nbsp;<strong>motorische Behinderungen<\/strong>&nbsp;erhielten wir in 2015.&nbsp;<\/p>\n<\/div>\n\n\n\n<div class=\"wp-block-column is-vertically-aligned-center\">\n<figure class=\"wp-block-gallery has-nested-images columns-default is-cropped gal--ligne\">\n<figure class=\"wp-block-image size-large\"><img loading=\"lazy\" width=\"480\" height=\"640\" src=\"https:\/\/www.camping-la-garangeoire.com\/wp-content\/uploads\/2023\/04\/Aquasiege.jpg\" alt=\"\" class=\"wp-image-2692\" srcset=\"https:\/\/www.camping-la-garangeoire.com\/wp-content\/uploads\/2023\/04\/Aquasiege.jpg 480w, https:\/\/www.camping-la-garangeoire.com\/wp-content\/uploads\/2023\/04\/Aquasiege-225x300.jpg 225w\" sizes=\"(max-width: 480px) 100vw, 480px\" \/><\/figure>\n\n\n\n<figure class=\"wp-block-image size-large\"><img loading=\"lazy\" width=\"480\" height=\"640\" src=\"https:\/\/www.camping-la-garangeoire.com\/wp-content\/uploads\/2023\/04\/Aquasiege-2.jpg\" alt=\"\" class=\"wp-image-2695\" srcset=\"https:\/\/www.camping-la-garangeoire.com\/wp-content\/uploads\/2023\/04\/Aquasiege-2.jpg 480w, https:\/\/www.camping-la-garangeoire.com\/wp-content\/uploads\/2023\/04\/Aquasiege-2-225x300.jpg 225w\" sizes=\"(max-width: 480px) 100vw, 480px\" \/><\/figure>\n\n\n\n<figure class=\"wp-block-image size-large\"><img loading=\"lazy\" width=\"1920\" height=\"1080\" src=\"https:\/\/www.camping-la-garangeoire.com\/wp-content\/uploads\/2023\/03\/GLAIEULS-WEB-2020-2-1920x1080-1.jpg\" alt=\"\" class=\"wp-image-1525\" srcset=\"https:\/\/www.camping-la-garangeoire.com\/wp-content\/uploads\/2023\/03\/GLAIEULS-WEB-2020-2-1920x1080-1.jpg 1920w, https:\/\/www.camping-la-garangeoire.com\/wp-content\/uploads\/2023\/03\/GLAIEULS-WEB-2020-2-1920x1080-1-300x169.jpg 300w, https:\/\/www.camping-la-garangeoire.com\/wp-content\/uploads\/2023\/03\/GLAIEULS-WEB-2020-2-1920x1080-1-1024x576.jpg 1024w, https:\/\/www.camping-la-garangeoire.com\/wp-content\/uploads\/2023\/03\/GLAIEULS-WEB-2020-2-1920x1080-1-768x432.jpg 768w, https:\/\/www.camping-la-garangeoire.com\/wp-content\/uploads\/2023\/03\/GLAIEULS-WEB-2020-2-1920x1080-1-1536x864.jpg 1536w\" sizes=\"(max-width: 1920px) 100vw, 1920px\" \/><\/figure>\n<\/figure>\n<\/div>\n<\/div>\n\n\n\n<div class=\"wp-container-69f26b60bf0b6 wp-block-group G-25\"><div class=\"wp-block-group__inner-container\">\n<h3 class=\"has-text-align-center h4 has-ocre-color has-text-color\" id=\"nos-equipements-1\">Unsere Ausstattung<\/h3>\n\n\n\n<p>60 Stellpl\u00e4tze f\u00fcr Zelte, Wohnwagen oder Wohnmobile sind sehr leicht zug\u00e4nglich. Das <a href=\"https:\/\/www.camping-la-garangeoire.com\/de\/locations\/mobil-home-life-special-handicap\/\" data-type=\"locations\" data-id=\"1515\">Mobilheim Life<\/a>, st speziell f\u00fcr Menschen mit Behinderungen konzipiert. Es ist mit einer Rampe f\u00fcr Rollstuhlfahrer ausgestattet und bietet ein ergonomisches Design f\u00fcr optimale Benutzerfreundlichkeit f\u00fcr Menschen mit eingeschr\u00e4nkter Mobilit\u00e4t. Das Wohnmobil garantiert eine hohe Autonomie. Im Jahr 2026 erweitern wir unser Angebot um das <a rel=\"noreferrer noopener\" href=\"https:\/\/www.camping-la-garangeoire.com\/de\/locations\/mobil-home-pmr-life-xxl\/\" target=\"_blank\">Mobilheim Life XXL<\/a>, 3 Schlafzimmer, 50 m\u00b2, ein Modell, das in Frankreich einzigartig ist in seiner Gro\u00dfz\u00fcgigkeit und universellen Gestaltung.<\/p>\n\n\n\n<p>Unsere Teams stehen Ihnen zur Verf\u00fcgung, um den Verleih und die Installation von Patientenliftern, medizinischen Betten und Stehhilfen nach Ihren Bed\u00fcrfnissen zu organisieren.<\/p>\n\n\n\n<p>Am Reitzentrum von La Garangeoire werden tiergest\u00fctzte Therapiesitzungen angeboten.<\/p>\n\n\n\n<p>Um die Verst\u00e4ndigung mit H\u00f6rbehinderten zu vereinfachen, haben wir an der Rezeption eine induktive H\u00f6ranlage einrichten lassen. &nbsp;<\/p>\n\n\n\n<p>Das Fu\u00dfbecken am Eingang des Wasserparks ist f\u00fcr Rollstuhlfahrer passierbar. Wir haben zudem einen&nbsp;<strong>Poollift<\/strong>&nbsp;installieren lassen, um ein autonomes Baden im geheizten Au\u00dfenpool zu erm\u00f6glichen. &nbsp;<\/p>\n<\/div><\/div>\n\n\n\n<div class=\"wp-container-69f26b60c0b95 wp-block-group\"><div class=\"wp-block-group__inner-container\">\n<h3 class=\"has-text-align-center h4\" id=\"questions-frequemment-posees\">Oft gestellte Fragen<\/h3>\n\n\n\n<div class=\"wp-block-group accordeon\"><div class=\"wp-block-group__inner-container\">\n<p><strong>Sind die Geb\u00e4ude rollstuhlgerecht ?<\/strong><\/p>\n\n\n\n<div class=\"wp-container-69f26b60bf39b wp-block-group\"><div class=\"wp-block-group__inner-container\">\n<p>Alle Dienstleistungen sind zug\u00e4nglich: Rezeption, Wasserpark, Bar, Restaurant, Lebensmittelgesch\u00e4ft, Unterhaltungsbereich, Spielzimmer, Sanit\u00e4ranlagen.<\/p>\n<\/div><\/div>\n<\/div><\/div>\n\n\n\n<div class=\"wp-block-group accordeon\"><div class=\"wp-block-group__inner-container\">\n<p><strong>Sind die Aktivit\u00e4tsbereiche f\u00fcr Rollstuhlfahrer leicht zug\u00e4nglich ?<\/strong><\/p>\n\n\n\n<div class=\"wp-container-69f26b60bf641 wp-block-group\"><div class=\"wp-block-group__inner-container\">\n<p>Der Multisportplatz und Tennispl\u00e4tze sind bequem zu erreichen. Der Spielplatz hat eine Rasenfl\u00e4che. Der Zugang zu den Fischteichen, der Lagune und der Gokartbahn ist aufgrund erheblicher Steigungen nicht m\u00f6glich. F\u00fcr Kunden, die auf einen Rollstuhl angewiesen sind, kann unser Empfangsteam jedoch eine L\u00f6sung anbieten. Sie k\u00f6nnen sie mit einem Elektroauto zum Fischteich, zur Lagune oder zur Gokartbahn bringen.<\/p>\n<\/div><\/div>\n<\/div><\/div>\n\n\n\n<div class=\"wp-block-group accordeon\"><div class=\"wp-block-group__inner-container\">\n<p><strong>Gibt es Parkpl\u00e4tze, die f\u00fcr Behinderte reserviert sind ?<\/strong><\/p>\n\n\n\n<div class=\"wp-container-69f26b60bf8e3 wp-block-group\"><div class=\"wp-block-group__inner-container\">\n<p>Am Eingang des Campingplatzes, in der N\u00e4he der Rezeption und der Gesch\u00e4fte, befindet sich ein speziell ausgewiesener Parkplatz, der mit dem Rollstuhl leicht erreichbar ist. Alle unsere Camping- und Mietpl\u00e4tze haben einen Stellplatz f\u00fcr ein Fahrzeug. (au\u00dfer Safari Premium und Castels Suite Premium Stellpl\u00e4tze)<\/p>\n<\/div><\/div>\n<\/div><\/div>\n\n\n\n<div class=\"wp-block-group accordeon\"><div class=\"wp-block-group__inner-container\">\n<p><strong>K\u00f6nnen wir als Rollstuhlfahrer das Schwimmbad benutzen?<\/strong><\/p>\n\n\n\n<div class=\"wp-container-69f26b60bfb70 wp-block-group\"><div class=\"wp-block-group__inner-container\">\n<p>Das Fu\u00dfbad ist f\u00fcr Rollstuhlfahrer zug\u00e4nglich und ein Bademeister steht Ihnen zur Verf\u00fcgung, um das Das Fu\u00dfbad ist rollstuhlgerecht und ein Rettungsschwimmer hilft beim \u00d6ffnen des Sicherheitstores, wenn Sie in den Wasserpark wollen. F\u00fcr den unabh\u00e4ngigen Transfer zum beheizten Au\u00dfenpool steht eine Aquasiege zur Verf\u00fcgung.<\/p>\n<\/div><\/div>\n<\/div><\/div>\n\n\n\n<div class=\"wp-block-group accordeon\"><div class=\"wp-block-group__inner-container\">\n<p><strong>Wie sind die sanit\u00e4ren Anlagen auf dem Campingplatz ausgestattet?<\/strong><\/p>\n\n\n\n<div class=\"wp-container-69f26b60bfe09 wp-block-group\"><div class=\"wp-block-group__inner-container\">\n<p>Vier Sanit\u00e4rkabinen (Toiletten, Duschen, Waschbecken) entsprechen den Standards f\u00fcr Menschen mit eingeschr\u00e4nkter Mobilit\u00e4t. Diese Toiletten befinden sich am Schwimmbad, an der Bar\/Restaurant, neben der Rezeption und in der Mitte der Wiese, wo sich die Stellpl\u00e4tze f\u00fcr Zelte, Wohnwagen und Wohnmobile befinden.<\/p>\n<\/div><\/div>\n<\/div><\/div>\n\n\n\n<div class=\"wp-block-group accordeon\"><div class=\"wp-block-group__inner-container\">\n<p><strong>K\u00f6nnen behinderte Kinder an den vom Kids Club angebotenen Aktivit\u00e4ten teilnehmen?<\/strong><\/p>\n\n\n\n<div class=\"wp-container-69f26b60c010e wp-block-group\"><div class=\"wp-block-group__inner-container\">\n<p>Der Kids Club hei\u00dft alle Kinder im Juli und August an 4 Tagen in der Woche von 10 bis 12 Uhr willkommen.<br><\/p>\n\n\n\n<p>Bitte informieren Sie das Animationsteam im Voraus und geben Sie alle spezifischen Einschr\u00e4nkungen an, damit der Aktivit\u00e4tsplan entsprechend angepasst werden kann.<\/p>\n<\/div><\/div>\n<\/div><\/div>\n\n\n\n<div class=\"wp-block-group accordeon\"><div class=\"wp-block-group__inner-container\">\n<p><strong>Ist im Notf\u00e4llen ein Vertreter oder eine Nachtbereitschaft vorhanden?<\/strong><\/p>\n\n\n\n<div class=\"wp-container-69f26b60c03e6 wp-block-group\"><div class=\"wp-block-group__inner-container\">\n<p>W\u00e4hrend der gesamten \u00d6ffnungszeit des Campingplatzes ist ein Verwalter vor Ort und 24 Stunden am Tag erreichbar.<\/p>\n\n\n\n<p>Von Mitte Mai bis Mitte September ist ein Nachtw\u00e4chter in einem Chalet in der N\u00e4he des \u201eLife\u201c-Mobilheims und der Rezeption im Einsatz.<\/p>\n\n\n\n<p>Die Nachtw\u00e4chter und Empfangsleiter sind in \u201ePSC1-Erste Hilfe\u201c oder \u201eErste Hilfe am Arbeitsplatz\u201c qualifiziert.<\/p>\n\n\n\n<p>Ein automatischer Defibrillator ist an der Vorderseite des Nachtw\u00e4chterh\u00e4uschens vorhanden.<\/p>\n<\/div><\/div>\n<\/div><\/div>\n\n\n\n<div class=\"wp-block-group accordeon\"><div class=\"wp-block-group__inner-container\">\n<p><strong>Sind Assistenzhunde erlaubt?<\/strong><\/p>\n\n\n\n<div class=\"wp-container-69f26b60c0698 wp-block-group\"><div class=\"wp-block-group__inner-container\">\n<p>Haustiere sind auf den Campingpl\u00e4tzen, aber auch in den meisten der Mietmobilheime und -chalets, einschlie\u00dflich des Mobilheims \u201eLife\u201c, gegen eine zus\u00e4tzliche Geb\u00fchr erlaubt.<\/p>\n\n\n\n<p>Assistenzhunde sind auf dem Campingplatz selbstverst\u00e4ndlich erlaubt und werden ohne Aufpreis willkommen gehei\u00dfen.<\/p>\n<\/div><\/div>\n<\/div><\/div>\n\n\n\n<div class=\"wp-block-group accordeon\"><div class=\"wp-block-group__inner-container\">\n<p><strong>K\u00f6nnen Sie zug\u00e4ngliche Restaurants oder Orte empfehlen?<\/strong><\/p>\n\n\n\n<div class=\"wp-container-69f26b60c0933 wp-block-group\"><div class=\"wp-block-group__inner-container\">\n<p>F\u00fcr Informationen \u00fcber touristische Sehensw\u00fcrdigkeiten und Restaurants in der Vend\u00e9e, die f\u00fcr Menschen mit eingeschr\u00e4nkter Mobilit\u00e4t zug\u00e4nglich sind, verweisen wir Sie auf die Brosch\u00fcre \u201eVend\u00e9e accessible\u201c, die vom D\u00e9partemental de Tourisme de la Vend\u00e9e herausgegeben wird und die Ihnen bei Ihrer Ankunft ausgeh\u00e4ndigt wird.<\/p>\n<\/div><\/div>\n<\/div><\/div>\n<\/div><\/div>\n","protected":false},"excerpt":{"rendered":"<p>Ein geeignetes Angebot auch f\u00fcr Personen mit Behinderung Selbstverst\u00e4ndlich hei\u00dfen wir in La Garangeoire auch Personen mit Behinderung herzlich willkommen. Wir verf\u00fcgen \u00fcber das entsprechende Angebot f\u00fcr alle Behinderungsarten, denn unser Ziel ist es, dass Sie einen gelungenen Urlaub mit Ihrer ganzen Familie verbringen!&nbsp; In&nbsp;2011&nbsp;wurden wir mit dem Label&nbsp;Tourisme &amp; Handicap&nbsp;f\u00fcr eine Anpassung an geistige, [&hellip;]<\/p>\n","protected":false},"author":1,"featured_media":0,"parent":0,"menu_order":0,"comment_status":"closed","ping_status":"closed","template":"","meta":[],"acf":[],"_links":{"self":[{"href":"https:\/\/www.camping-la-garangeoire.com\/de\/wp-json\/wp\/v2\/pages\/5055"}],"collection":[{"href":"https:\/\/www.camping-la-garangeoire.com\/de\/wp-json\/wp\/v2\/pages"}],"about":[{"href":"https:\/\/www.camping-la-garangeoire.com\/de\/wp-json\/wp\/v2\/types\/page"}],"author":[{"embeddable":true,"href":"https:\/\/www.camping-la-garangeoire.com\/de\/wp-json\/wp\/v2\/users\/1"}],"replies":[{"embeddable":true,"href":"https:\/\/www.camping-la-garangeoire.com\/de\/wp-json\/wp\/v2\/comments?post=5055"}],"version-history":[{"count":4,"href":"https:\/\/www.camping-la-garangeoire.com\/de\/wp-json\/wp\/v2\/pages\/5055\/revisions"}],"predecessor-version":[{"id":13630,"href":"https:\/\/www.camping-la-garangeoire.com\/de\/wp-json\/wp\/v2\/pages\/5055\/revisions\/13630"}],"wp:attachment":[{"href":"https:\/\/www.camping-la-garangeoire.com\/de\/wp-json\/wp\/v2\/media?parent=5055"}],"curies":[{"name":"wp","href":"https:\/\/api.w.org\/{rel}","templated":true}]}}